{"id":1014,"date":"2022-03-03T23:45:42","date_gmt":"2022-03-04T04:45:42","guid":{"rendered":"https:\/\/keikodevaux.com\/?page_id=1014"},"modified":"2024-06-29T13:16:13","modified_gmt":"2024-06-29T18:16:13","slug":"events2","status":"publish","type":"page","link":"https:\/\/keikodevaux.com\/fr\/events2\/","title":{"rendered":"\u00c9v\u00e9nements"},"content":{"rendered":"\t\t<div data-elementor-type=\"wp-page\" data-elementor-id=\"1014\" class=\"elementor elementor-1014\">\n\t\t\t\t\t\t<section class=\"elementor-section elementor-top-section elementor-element elementor-element-640c087 elementor-section-boxed elementor-section-height-default elementor-section-height-default\" data-id=\"640c087\" data-element_type=\"section\" data-e-type=\"section\">\n\t\t\t\t\t\t<div class=\"elementor-container elementor-column-gap-default\">\n\t\t\t\t\t<div class=\"elementor-column elementor-col-100 elementor-top-column elementor-element elementor-element-8c48d2d\" data-id=\"8c48d2d\" data-element_type=\"column\" data-e-type=\"column\">\n\t\t\t<div class=\"elementor-widget-wrap elementor-element-populated\">\n\t\t\t\t\t\t<div class=\"elementor-element elementor-element-3d2e4a0 elementor-widget elementor-widget-heading\" data-id=\"3d2e4a0\" data-element_type=\"widget\" data-e-type=\"widget\" data-widget_type=\"heading.default\">\n\t\t\t\t<div class=\"elementor-widget-container\">\n\t\t\t\t\t<h2 class=\"elementor-heading-title elementor-size-default\">upcoming events<\/h2>\t\t\t\t<\/div>\n\t\t\t\t<\/div>\n\t\t\t\t\t<\/div>\n\t\t<\/div>\n\t\t\t\t\t<\/div>\n\t\t<\/section>\n\t\t\t\t<section class=\"elementor-section elementor-top-section elementor-element elementor-element-a95cb73 elementor-section-boxed elementor-section-height-default elementor-section-height-default\" data-id=\"a95cb73\" data-element_type=\"section\" data-e-type=\"section\">\n\t\t\t\t\t\t<div class=\"elementor-container elementor-column-gap-default\">\n\t\t\t\t\t<div class=\"elementor-column elementor-col-100 elementor-top-column elementor-element elementor-element-a5765c5\" data-id=\"a5765c5\" data-element_type=\"column\" data-e-type=\"column\">\n\t\t\t<div class=\"elementor-widget-wrap elementor-element-populated\">\n\t\t\t\t\t\t<div class=\"elementor-element elementor-element-b157933 elementor-widget elementor-widget-text-editor\" data-id=\"b157933\" data-element_type=\"widget\" data-e-type=\"widget\" data-widget_type=\"text-editor.default\">\n\t\t\t\t<div class=\"elementor-widget-container\">\n\t\t\t\t\t\t\t\t\t<p><span style=\"font-variant-caps: normal; font-family: Assistant; font-size: 13.399999618530273px; letter-spacing: 0.3px;\">July 1, 2024, 2:30 pm<br \/><i>Listening underwater<\/i><br \/>NAC Orchestra<br \/><a href=\"https:\/\/nac-cna.ca\/en\/event\/36283\">Canada Day Concert 2024<\/a><br \/>National Arts Centre, Southam Hall, Ottawa ON<\/span><\/p><p><span style=\"font-variant-caps: normal; font-family: Assistant; font-size: 13.399999618530273px; letter-spacing: 0.3px;\">September 10 &amp; 11, 2024, 8 pm<br \/><i>Listening underwater<\/i><br \/>NAC Orchestra<br \/><a href=\"https:\/\/nac-cna.ca\/en\/event\/36049\">UAQUE<\/a><br \/>National Arts Centre, Southam Hall, Ottawa ON<\/span><\/p><p><span style=\"font-variant-caps: normal; font-family: Assistant; font-size: 13.399999618530273px; letter-spacing: 0.3px;\">October 3, 2024, 7:30 pm<br \/><i>Arras<\/i><br \/>Ensemble de la SMCQ<br \/><a href=\"https:\/\/smcq.qc.ca\/smcq\/en\/evenement\/46364-horloge-tais-toi-hommage-a-kaija-saariaho\">Horloge, tais-toi! \u2013 Hommage \u00e0 Kaija Saariaho<\/a><br \/>Centre Pierre-P\u00e9ladeau, Salle Pierre-Mercure, Montr\u00e9al QC<\/span><\/p><p><span style=\"font-variant-caps: normal; font-family: Assistant; font-size: 13.399999618530273px; letter-spacing: 0.3px;\">January 20, 2025, 7:30 pm<br \/><i>Cr\u00e9ation, Part 1<\/i><br \/>I Musici de Montr\u00e9al<br \/><a href=\"https:\/\/imusici.com\/en\/2024-2025-season\/bartok-the-magician\/\">Bart\u00f3k the Magician<\/a><br \/>Centre Pierre-P\u00e9ladeau, Salle Pierre-Mercure, Montr\u00e9al QC<\/span><\/p><p><span style=\"font-variant-caps: normal; font-family: Assistant; font-size: 13.399999618530273px; letter-spacing: 0.3px;\">March 6, 2025, 7:30 pm<br \/><i>Cr\u00e9ation, Part 2<\/i><br \/>I Musici de Montr\u00e9al<br \/><a href=\"https:\/\/imusici.com\/en\/2024-2025-season\/pictures-at-an-exhibition\/\">Pictures at an Exhibition<\/a><br \/>Centre Pierre-P\u00e9ladeau, Salle Pierre-Mercure, Montr\u00e9al QC<\/span><\/p><p><span style=\"font-variant-caps: normal; font-family: Assistant; font-size: 13.399999618530273px; letter-spacing: 0.3px;\">March 19 &amp; 20, 2025, 8 pm<br \/><i>Listening underwater<\/i><br \/>NAC Orchestra<br \/><a href=\"https:\/\/nac-cna.ca\/en\/event\/36107\">Mozart, Hewitt &amp; Beethoven&#8217;s Fifth<\/a><br \/>National Arts Centre, Southam Hall, Ottawa ON<\/span><\/p><p><span style=\"font-variant-caps: normal; font-family: Assistant; font-size: 13.399999618530273px; letter-spacing: 0.3px;\">May 16, 2025, 7:30 pm<br \/><i>Listening underwater<\/i><br \/>NAC Orchestra<br \/><a href=\"https:\/\/www.tso.ca\/concerts-and-events\/events\/beethovens-fifth-with-the-national-arts-centre-orchestra\/\">Beethoven&#8217;s Fifth with the National Arts Centre Orchestra<\/a><br \/>Roy Thomson Hall, Toronto ON<\/span><\/p><p><span style=\"font-variant-caps: normal; font-family: Assistant; font-size: 13.399999618530273px; letter-spacing: 0.3px;\">Date TBA<br \/><i>Murmuration<\/i><br \/>Dr. Mathieu Gaudet, pianiste<br \/><\/span><span style=\"font-family: Assistant; font-size: 13.399999618530273px; font-variant-caps: normal; letter-spacing: 0.3px;\"><a href=\"https:\/\/theatrelacbrome.ticketacces.net\/fr\/organisation\/index.cfm\">Concert au profit de la Fondation BMP<\/a><br \/>Th\u00e9\u00e2tre de Lac-Brome, Knowlton QC<\/span><\/p>\t\t\t\t\t\t\t\t<\/div>\n\t\t\t\t<\/div>\n\t\t\t\t\t<\/div>\n\t\t<\/div>\n\t\t\t\t\t<\/div>\n\t\t<\/section>\n\t\t\t\t<section class=\"elementor-section elementor-top-section elementor-element elementor-element-1a2ffdc elementor-section-boxed elementor-section-height-default elementor-section-height-default\" data-id=\"1a2ffdc\" data-element_type=\"section\" data-e-type=\"section\">\n\t\t\t\t\t\t<div class=\"elementor-container elementor-column-gap-default\">\n\t\t\t\t\t<div class=\"elementor-column elementor-col-100 elementor-top-column elementor-element elementor-element-3023147\" data-id=\"3023147\" data-element_type=\"column\" data-e-type=\"column\">\n\t\t\t<div class=\"elementor-widget-wrap elementor-element-populated\">\n\t\t\t\t\t\t<div class=\"elementor-element elementor-element-4163dbd elementor-widget elementor-widget-heading\" data-id=\"4163dbd\" data-element_type=\"widget\" data-e-type=\"widget\" data-widget_type=\"heading.default\">\n\t\t\t\t<div class=\"elementor-widget-container\">\n\t\t\t\t\t<h2 class=\"elementor-heading-title elementor-size-default\">past events<\/h2>\t\t\t\t<\/div>\n\t\t\t\t<\/div>\n\t\t\t\t\t<\/div>\n\t\t<\/div>\n\t\t\t\t\t<\/div>\n\t\t<\/section>\n\t\t\t\t<section class=\"elementor-section elementor-top-section elementor-element elementor-element-88a111d elementor-section-boxed elementor-section-height-default elementor-section-height-default\" data-id=\"88a111d\" data-element_type=\"section\" data-e-type=\"section\">\n\t\t\t\t\t\t<div class=\"elementor-container elementor-column-gap-default\">\n\t\t\t\t\t<div class=\"elementor-column elementor-col-100 elementor-top-column elementor-element elementor-element-de37a45\" data-id=\"de37a45\" data-element_type=\"column\" data-e-type=\"column\">\n\t\t\t<div class=\"elementor-widget-wrap elementor-element-populated\">\n\t\t\t\t\t\t<div class=\"elementor-element elementor-element-4dd43c3 elementor-widget elementor-widget-text-editor\" data-id=\"4dd43c3\" data-element_type=\"widget\" data-e-type=\"widget\" data-widget_type=\"text-editor.default\">\n\t\t\t\t<div class=\"elementor-widget-container\">\n\t\t\t\t\t\t\t\t\t<p><span style=\"font-variant-caps: normal; font-family: Assistant; font-size: 13.399999618530273px; letter-spacing: 0.3px;\">May 28, 2024<br \/><i>Sada: <\/i>World premiere<br \/>Amy Horvey<br \/><\/span><span style=\"font-family: Assistant; font-size: 13.399999618530273px; font-variant-caps: normal; letter-spacing: 0.3px;\"><a href=\"https:\/\/casadelpopolo.com\/en\/events\/2024-05-28-out-loud-lizee-hron-horvey-shortt-devaux\">Out Loud: Liz\u00e9e-Hron-Horvey-Shortt-Devaux<\/a><br \/>La Sala Rossa, Montr\u00e9al QC<\/span><\/p><p><span style=\"font-variant-caps: normal; font-family: Assistant; font-size: 13.399999618530273px; letter-spacing: 0.3px;\">May 18, 2024<br \/><i>Redaction<\/i><br \/>Alkali Collective<br \/><\/span><span style=\"font-family: Assistant; font-size: 13.399999618530273px; font-variant-caps: normal; letter-spacing: 0.3px;\"><a href=\"https:\/\/alkalicollective.com\/2023-2024-season\/\">FOLIAGE<\/a><br \/>Peggy Corkum Music Room, Halifax NS<\/span><\/p><p><span style=\"font-variant-ligatures: normal; font-variant-caps: normal; font-family: Assistant; font-size: 13.4px; font-style: normal; font-weight: 500; letter-spacing: 0.3px;\">November 5, 2023<br \/><i style=\"font-size: 13.4px;\">Arras<\/i><br \/>Orkiestra Muzyki Nowej<br \/><\/span><span style=\"font-variant-ligatures: normal; font-variant-caps: normal; font-family: Assistant; font-size: 13.4px; font-style: normal; font-weight: 500; letter-spacing: 0.3px;\"><a style=\"font-size: 13.4px;\" href=\"https:\/\/nospr.org.pl\/en\/kalendarz\/orkiestra-muzyki-nowej-andre-devaux-and-yedid\">Breaking Boundaries: Torn &amp; Covered<\/a><br \/><\/span><span style=\"font-family: Assistant; font-size: 13.4px; font-style: normal; font-variant-ligatures: normal; font-variant-caps: normal; font-weight: 500; letter-spacing: 0.3px;\">NOSPR Concert Hall, Katowice, Poland<\/span><\/p><p><span style=\"font-family: Assistant; font-size: 13.399999618530273px; font-style: normal; font-variant-caps: normal; letter-spacing: 0.3px;\"><span style=\"font-variant-caps: normal; font-family: Assistant; font-size: 13.399999618530273px; letter-spacing: 0.3px;\">September 20 &amp; 21, 2023<br \/><i>\u00c0 perte de vue&#8230;<\/i><br \/>Orchestre symphonique de Qu\u00e9bec<br \/><\/span><span style=\"font-family: Assistant; font-size: 13.399999618530273px; font-variant-caps: normal; letter-spacing: 0.3px;\">Opening concert of the 2023-24 season<br \/>Grand Th\u00e9\u00e2tre de Qu\u00e9bec, Qu\u00e9bec QC<\/span><\/span><\/p><p><span style=\"font-family: Assistant; font-size: 13.399999618530273px; font-style: normal; font-variant-caps: normal; letter-spacing: 0.3px;\"><span style=\"font-variant-caps: normal; font-family: Assistant; font-size: 13.399999618530273px; letter-spacing: 0.3px;\">June 11, 2023<br \/><i>[inaudible] : <\/i>World premiere<br \/>Orchestre m\u00e9tropolitain<br \/><\/span><span style=\"font-family: Assistant; font-size: 13.399999618530273px; font-variant-caps: normal; letter-spacing: 0.3px;\"><a href=\"https:\/\/orchestremetropolitain.com\/en\/concerts\/symphonic-explorations\/?show_date_id=4208\">Symphonic Explorations<\/a><br \/>Maison Symphonique, Montr\u00e9al QC<\/span><\/span><\/p><p><span style=\"font-family: Assistant; font-size: 13.399999618530273px; font-style: normal; font-variant-caps: normal; letter-spacing: 0.3px;\">May 10 and 11, 2023<br \/><span style=\"font-size: 13.399998664855957px; font-style: italic;\">Listening underwater:\u00a0<\/span><span style=\"font-size: 13.399998664855957px;\">World premiere<\/span><br \/>National Arts Centre Orchestra<br \/><\/span><a href=\"https:\/\/nac-cna.ca\/en\/event\/31879\" rel=\"noopener\">An Alpine Symphony<\/a><br \/><span style=\"font-family: Assistant; font-size: 13.399999618530273px; font-style: normal; font-variant-caps: normal; letter-spacing: 0.3px;\">National Arts Centre, Southam Hall, Ottawa ON<\/span><span style=\"font-family: Assistant; font-size: 13.399999618530273px; font-style: normal; font-variant-caps: normal; letter-spacing: 0.3px;\"><br \/><\/span><\/p><p style=\"font-variant-caps: normal; font-family: Assistant; font-size: 13.399998664855957px; font-style: normal;\"><span style=\"font-variant-caps: normal; font-family: Assistant; font-size: 13.399999618530273px; letter-spacing: 0.3px;\">April 29, 2023<br \/><span style=\"font-size: 13.399998664855957px; font-style: italic;\">Sempervivum<\/span><br \/>Francesco Dillon<\/span><span style=\"font-variant-caps: normal; font-family: Assistant; font-size: 13.399999618530273px; letter-spacing: 0.3px;\"><br \/><\/span><span style=\"font-variant-caps: normal; font-family: Assistant; font-size: 13.399999618530273px; font-style: normal; letter-spacing: 0.3px;\"><a style=\"font-size: 13.399998664855957px;\" href=\"https:\/\/francescodillon.com\/wordpress\/?tribe_events=interferenze-festival\">Interferenze Festival<\/a><br \/><\/span><span style=\"font-variant-caps: normal; font-family: Assistant; font-size: 13.399999618530273px; font-style: normal; letter-spacing: 0.3px;\">Conservatorio &#8220;L.Canepa&#8221;, Avellino, Italy<\/span><\/p><p style=\"font-variant-caps: normal; font-family: Assistant; font-size: 13.399998664855957px; font-style: normal;\"><span style=\"font-variant-caps: normal; font-family: Assistant; font-size: 13.399999618530273px; letter-spacing: 0.3px;\">March 31, 2023<br \/><span style=\"font-size: 13.399998664855957px; font-style: italic;\">Bathymetry<\/span><br \/>Tom Jacques, Antoine Letberg, Noam Bierstone<br \/><\/span><span style=\"font-variant-caps: normal; font-family: Assistant; font-size: 13.399999618530273px; font-style: normal; letter-spacing: 0.3px;\"><a style=\"font-size: 13.399998664855957px;\" href=\"https:\/\/cem.studio\/fr\/evenement\/bascaille-dans-les-oreilles-de-gayle-young-et-keiko-devaux\">Dans les oreilles de Gayle Young et Keiko Devaux<\/a><br \/><\/span><span style=\"font-variant-caps: normal; font-family: Assistant; font-size: 13.399999618530273px; font-style: normal; letter-spacing: 0.3px;\">Le CEM, Chicoutimi QC<\/span><span style=\"font-variant-caps: normal; font-family: Assistant; font-size: 13.399999618530273px; font-style: normal; letter-spacing: 0.3px;\"><br \/><\/span><\/p><p style=\"font-variant-caps: normal; font-family: Assistant; font-size: 13.399998664855957px; font-style: normal;\"><span style=\"font-variant-caps: normal; font-family: Assistant; font-size: 13.399999618530273px; letter-spacing: 0.3px;\">March 30, 2023<br \/><span style=\"font-size: 13.399998664855957px; font-style: italic;\">Bathymetry: <\/span><span style=\"font-size: 13.399998664855957px;\">World premiere<\/span><br \/>Tom Jacques, Antoine Letberg, Noam Bierstone<br \/><\/span><span style=\"font-variant-caps: normal; font-family: Assistant; font-size: 13.399999618530273px; font-style: normal; letter-spacing: 0.3px;\"><a style=\"font-size: 13.399998664855957px;\" href=\"https:\/\/quoivivrerimouski.ca\/bascaille-dans-les-oreilles-de-gayle-young-et-keiko-devaux\">Dans les oreilles de Gayle Young et Keiko Devaux<\/a><br \/><\/span><span style=\"font-variant-caps: normal; font-family: Assistant; font-size: 13.399999618530273px; font-style: normal; letter-spacing: 0.3px;\">Conservatoire de musique de Rimouski, Rimouski QC<\/span><span style=\"font-variant-caps: normal; font-family: Assistant; font-size: 13.399999618530273px; font-style: normal; letter-spacing: 0.3px;\"><br \/><\/span><\/p><p><span style=\"font-variant-caps: normal; font-family: Assistant; font-size: 13.399999618530273px; letter-spacing: 0.3px;\">February 3 &amp; 4, 2023<br \/><span style=\"font-style: italic; font-size: 13.399998664855957px;\">L&#8217;\u00e9coute du perdu: <\/span><span style=\"font-size: 13.399998664855957px;\">World premiere<\/span><br \/>Ensemble 3 femmes + Paramirabo + guest artists<br \/><\/span><span style=\"font-variant-caps: normal; font-family: Assistant; font-size: 13.399999618530273px; font-style: normal; letter-spacing: 0.3px;\"><a style=\"font-size: 13.399998664855957px;\" href=\"https:\/\/levivier.ca\/fr\/concert\/saison-2022-23\/lecoute-du-perdu\">L&#8217;\u00e9coute du perdu<\/a><br \/><\/span><span style=\"font-variant-caps: normal; font-family: Assistant; font-size: 13.399999618530273px; font-style: normal; letter-spacing: 0.3px;\">Fonderie Darling, Montr\u00e9al QC<\/span><span style=\"font-variant-caps: normal; font-family: Assistant; font-size: 13.399999618530273px; font-style: normal; letter-spacing: 0.3px;\"><br \/><\/span><\/p><p><span style=\"font-variant-caps: normal; font-family: Assistant; font-size: 13.399999618530273px; font-style: normal; letter-spacing: 0.3px;\">December 3, 2022<br \/><span style=\"font-size: 13.399998664855957px; font-style: italic;\">ebb<\/span><br \/>Le Nouvel Ensemble Moderne<br \/><\/span><span style=\"font-variant-caps: normal; font-family: Assistant; font-size: 13.399999618530273px; font-style: normal; letter-spacing: 0.3px;\"><a style=\"font-size: 13.399998664855957px;\" href=\"https:\/\/lenem.ca\/fr\/2022-2023\/concerts\/festival-vibrations-lemc-contre-nature\">Festival Vibrations &#8211; l&#8217;EMC : Contre-nature<\/a><br \/><\/span><span style=\"font-family: Assistant; font-size: 13.399999618530273px; font-style: normal; font-variant-caps: normal; letter-spacing: 0.3px;\">Kin Musique, Montr\u00e9al QC<\/span><\/p><p><span style=\"font-variant-caps: normal; font-family: Assistant; font-size: 13.399999618530273px; font-style: normal; letter-spacing: 0.3px;\">October 8, 2022<br \/><span style=\"font-size: 13.399998664855957px; font-style: italic;\">Murmuration<\/span><br \/>David Potvin<br \/><\/span><span style=\"font-variant-caps: normal; font-family: Assistant; font-size: 13.399999618530273px; font-style: normal; letter-spacing: 0.3px;\"><a style=\"font-size: 13.399998664855957px;\" href=\"https:\/\/kinmusiquemtl.com\/calendar\/wcnprhf6m5tecs66ah3al5cud8t98e\">En concert: David Potvin<\/a><br \/><\/span><span style=\"font-family: Assistant; font-size: 13.399999618530273px; font-style: normal; font-variant-caps: normal; letter-spacing: 0.3px;\">Kin Musique, Montr\u00e9al QC<\/span><\/p><p><span style=\"font-variant-caps: normal; font-family: Assistant; font-size: 13.399999618530273px; font-style: normal; letter-spacing: 0.3px;\">August 21, 2022<br \/><span style=\"font-size: 13.399999618530273px; font-style: italic;\">Sempervivum:\u00a0<\/span>World premiere<br \/>Francesco Dillon<br \/><\/span><span style=\"font-variant-caps: normal; font-family: Assistant; font-size: 13.399999618530273px; font-style: normal; letter-spacing: 0.3px;\"><a style=\"font-size: 13.399999618530273px;\" href=\"https:\/\/www.castelcello.info\/en\/program-2022\">CastelCello Festival<\/a><br \/><\/span><span style=\"font-family: Assistant; font-size: 13.399999618530273px; font-style: normal; font-variant-caps: normal; letter-spacing: 0.3px;\">Brunnenburg (Castel Fontana), Tirolo, Italy<\/span><\/p><p><span style=\"font-variant-caps: normal; font-family: Assistant; font-size: 13.399999618530273px; font-style: normal; letter-spacing: 0.3px;\">July 28, 2022<br \/><span style=\"font-size: 13.399999618530273px; font-style: italic;\">Arras<\/span><br \/>TSM Festival Orchestra<br \/><\/span><span style=\"font-variant-caps: normal; font-family: Assistant; font-size: 13.399999618530273px; letter-spacing: 0.3px;\"><a style=\"font-style: normal; font-size: 13.399999618530273px;\" href=\"https:\/\/torontosummermusic.com\/event\/inspirations\/\">Toronto Summer Music Festival:\u00a0<span style=\"font-size: 13.399999618530273px; font-style: italic;\">Inspirations<\/span><\/a><i><br \/><\/i><\/span><span style=\"font-family: Assistant; font-size: 13.399999618530273px; font-style: normal; font-variant-caps: normal; letter-spacing: 0.3px;\">Koerner Hall, Toronto ON<\/span><\/p><p><span style=\"font-variant-caps: normal; font-family: Assistant; font-size: 13.399999618530273px; font-style: normal; letter-spacing: 0.3px;\">June 5, 2022<br \/><span style=\"font-size: 13.399999618530273px; font-style: italic;\">Voix jet\u00e9es:\u00a0<\/span>World premiere<br \/><\/span><span style=\"font-variant-caps: normal; font-family: Assistant; font-size: 13.399999618530273px; font-style: normal; letter-spacing: 0.3px;\">Ensemble Paramirabo with Sarah Albu<br \/><\/span><span style=\"font-variant-caps: normal; font-family: Assistant; font-size: 13.399999618530273px; font-style: normal; letter-spacing: 0.3px;\"><a style=\"font-size: 13.399999618530273px;\" href=\"https:\/\/kontraklang.de\/concert\/montreal-and-beyond-ii\/\">Montr\u00e9al and beyond II<\/a><br \/><\/span><span style=\"font-family: Assistant; font-size: 13.399999618530273px; font-style: normal; font-variant-caps: normal; letter-spacing: 0.3px;\">silent green, Berlin, Germany<\/span><\/p><p><span style=\"font-variant-caps: normal; font-family: Assistant; font-size: 13.399999618530273px; letter-spacing: 0.3px;\">May 5, 2022<br \/><i>Dust<br \/><\/i><\/span><span style=\"font-size: 13.399999618530273px; letter-spacing: 0.3px;\">Jasper String Quartet<br \/><\/span><a style=\"font-family: Assistant; font-size: 13.399999618530273px; font-style: normal; font-variant-caps: normal; letter-spacing: 0.3px;\" href=\"http:\/\/www.jasperchamberconcerts.com\/2021-22-season\">DUST<\/a><br \/><span style=\"font-family: Assistant; font-size: 13.399999618530273px; font-style: normal; font-variant-caps: normal; letter-spacing: 0.3px;\">Chestnut Hill Friends Meeting, Philadelphia PA<\/span><\/p><p><span style=\"font-variant-caps: normal; font-family: Assistant; font-size: 13.399999618530273px; letter-spacing: 0.3px;\">April 20, 2022<br \/><i>Excavated Sound: <\/i>World premiere<br \/>Esprit Orchestra<br \/><\/span><span style=\"font-family: Assistant; font-size: 13.399999618530273px; font-variant-caps: normal; letter-spacing: 0.3px;\"><a href=\"https:\/\/www.espritorchestra.com\/concert-tickets\/concert\/esprit-live-2022-2\/\">Esprit Live 2022! Act 2<\/a><br \/>Koerner Hall, Toronto ON<\/span><\/p><p><span style=\"font-family: Assistant; font-size: 13.399999618530273px; font-variant-caps: normal; letter-spacing: 0.3px;\">April 14, 2022<br \/><\/span><span style=\"font-family: Assistant; font-size: 13.399999618530273px; font-variant-caps: normal; letter-spacing: 0.3px;\"><i>Arras<br \/><\/i><\/span><span style=\"font-family: Assistant; font-size: 13.399999618530273px; font-variant-caps: normal; letter-spacing: 0.3px;\">Le Nouvel Ensemble Moderne<br \/><\/span><a style=\"font-family: Assistant; font-size: 13.399999618530273px; font-style: normal; font-variant-caps: normal; letter-spacing: 0.3px;\" href=\"https:\/\/lenem.ca\/fr\/2021-2022\/concerts\/resonance-croisee-larsenale-nem-itqc\">R\u00e9sonance crois\u00e9e | L&#8217;arsenale \/ NEM<\/a><br \/><span style=\"font-family: Assistant; font-size: 13.399999618530273px; font-style: normal; font-variant-caps: normal; letter-spacing: 0.3px;\">\u00c9difice Wilder, Montr\u00e9al QC<\/span><\/p><p><span style=\"font-family: Assistant; font-size: 13.399999618530273px; font-variant-caps: normal; letter-spacing: 0.3px;\">April 10, 2022<br \/><\/span><span style=\"font-family: Assistant; font-size: 13.399999618530273px; font-variant-caps: normal; letter-spacing: 0.3px;\"><i>Arras<br \/><\/i><\/span><span style=\"font-family: Assistant; font-size: 13.399999618530273px; font-variant-caps: normal; letter-spacing: 0.3px;\">New Music Concerts<br \/><\/span><a style=\"font-family: Assistant; font-size: 13.399999618530273px; font-style: normal; font-variant-caps: normal; letter-spacing: 0.3px;\" href=\"https:\/\/www.newmusicconcerts.com\/concert\/imagined-soundsco-curated-by-keiko-devaux\/\">Imagined Sounds | Curated by Keiko Devaux<\/a><br \/><span style=\"font-family: Assistant; font-size: 13.399999618530273px; font-style: normal; font-variant-caps: normal; letter-spacing: 0.3px;\">Steam Whistle Brewery, Toronto ON<\/span><\/p><p style=\"font-variant-caps: normal; font-family: Assistant; font-size: 13.399999618530273px; font-style: normal;\"><span style=\"font-variant-caps: normal; font-family: Assistant; font-size: 13.399999618530273px;\">March 8, 2022<br \/><span style=\"font-size: 13.399999618530273px; font-style: italic;\">H\u014drai<\/span><br \/><\/span><span style=\"font-variant-caps: normal; font-family: Assistant; font-size: 13.399999618530273px; font-style: normal; letter-spacing: 0.3px;\">Mark Takeshi McGregor, flute<br \/><\/span><a style=\"font-variant-caps: normal; font-family: Assistant; font-size: 13.399999618530273px; font-style: normal; letter-spacing: 0.3px;\" href=\"https:\/\/www.musiconmain.ca\/event\/digital-salons\/\">Music on Main | Digital Salons<\/a><br \/><span style=\"font-variant-caps: normal; font-family: Assistant; font-size: 13.399999618530273px; font-style: normal; letter-spacing: 0.3px;\">Online event<\/span><\/p><p>December 14, 2021<br \/><i>\u00c0 perte de vue&#8230;<\/i><br \/>Orchestre philharmonique des musiciens de Montr\u00e9al<br \/><a href=\"http:\/\/smcq.qc.ca\/smcq\/en\/evenement\/43750\/55e-anniversaire-de-la-smcq-aujourd\">55e anniversaire de la SMCQ: Aujourd&#8217;hui et demain&#8230;<\/a><br \/>Salle Pierre-Mercure, Montr\u00e9al QC<\/p><p>December 12, 2021<br \/><em>Arras<\/em><br \/>Israel Contemporary Players<br \/><a href=\"https:\/\/www.ensemble21.org.il\/concerts21-22\/02_discoveries-concert\">Kadosh, Kadosh and Cursed<\/a><br \/><span style=\"font-size: 13.399999618530273px; letter-spacing: 0.3px;\">Jerusalem Music Centre, Jerusalem, Israel<\/span><\/p><p style=\"font-variant-caps: normal; font-family: Assistant; font-size: 13.399999618530273px; font-style: normal;\">December 11, 2021<br \/><span style=\"font-size: 13.399999618530273px; font-style: italic;\">Arras<\/span><br \/>Israel Contemporary Players<br \/><a style=\"font-variant-caps: normal; font-family: Assistant; font-size: 13.399999618530273px; font-style: normal;\" href=\"https:\/\/www.ensemble21.org.il\/concerts21-22\/02_discoveries-concert\">Kadosh, Kadosh and Cursed<\/a><br \/><span style=\"font-size: 13.399999618530273px; letter-spacing: 0.3px;\">Tel Aviv Art Museum, Tel Aviv, Israel<\/span><\/p><p style=\"font-variant-caps: normal; font-family: Assistant; font-size: 13.399999618530273px; font-style: normal;\">December 6, 2021<br \/><span style=\"font-size: 13.399999618530273px; font-style: italic;\">ere<\/span><br \/>Past &amp; present laureates of the Canada Council Musical Instrument Bank Prize\u00a0<br \/><a style=\"font-variant-caps: normal; font-family: Assistant; font-size: 13.399999618530273px; font-style: normal;\" href=\"https:\/\/www.chamberfest.com\/event\/2021\/christmas-canada-council-2\/\">La Notte di Natale<\/a><br \/><span style=\"font-size: 13.399999618530273px; letter-spacing: 0.3px;\">Carleton Dominion-Chalmers Centre, Ottawa ON<\/span><\/p><p>November 12, 2021<br \/><i>Aer: <\/i>World premiere<br \/><span style=\"font-family: Assistant; font-size: 13.399999618530273px; font-style: normal; font-variant-caps: normal; letter-spacing: 0.3px;\">Ensemble Sturm und Klang<br \/><\/span><a style=\"font-size: 13.399999618530273px; letter-spacing: 0.3px;\" href=\"https:\/\/www.arsmusica.be\/fr\/events\/voirex\/\">Festival Ars Musica | VOI(REX)<\/a><br \/><span style=\"font-size: 13.399999618530273px; letter-spacing: 0.3px;\">ARBA-ESA, Brussels, Belgium<\/span><\/p><p><span style=\"font-size: 13.399999618530273px; letter-spacing: 0.3px;\">November 8, 2021<br \/><\/span><span style=\"font-family: Assistant; font-size: 13.399999618530273px; font-variant-caps: normal;\"><i>H\u014drai<\/i><\/span><i style=\"font-size: 13.399999618530273px; letter-spacing: 0.3px;\">:<\/i><span style=\"font-size: 13.399999618530273px; letter-spacing: 0.3px;\"> World premiere<br \/><\/span><span style=\"font-family: Assistant; font-size: 13.399999618530273px; font-style: normal; font-variant-caps: normal; letter-spacing: 0.3px;\">Mark Takeshi McGregor, flute<br \/><\/span><a style=\"font-size: 13.399999618530273px; letter-spacing: 0.3px;\" href=\"https:\/\/www.musiconmain.ca\/event\/doubt-is-a-way-of-knowing\/\" target=\"_blank\" rel=\"noopener\">Music on Main Modulus Festival | Doubt is a Way of Knowing<\/a><br \/><span style=\"font-size: 13.399999618530273px; letter-spacing: 0.3px;\">The Roundhouse, Vancouver BC<\/span><\/p><p><span style=\"font-size: 13.399999618530273px; letter-spacing: 0.3px;\">October 23, 2021<br \/><\/span><i style=\"font-size: 13.399999618530273px; letter-spacing: 0.3px;\">Bioluminescence:<\/i><span style=\"font-size: 13.399999618530273px; letter-spacing: 0.3px;\"> World premiere<br \/><\/span><span style=\"font-family: Assistant; font-size: 13.399999618530273px; font-style: normal; font-variant-caps: normal; letter-spacing: 0.3px;\">Musicians of the NAC Orchestra<br \/><\/span><a style=\"font-size: 13.399999618530273px; letter-spacing: 0.3px;\" href=\"https:\/\/nac-cna.ca\/en\/event\/29201\">WolfGANG Sessions<\/a><br \/><span style=\"font-size: 13.399999618530273px; letter-spacing: 0.3px;\">National Arts Centre, Fourth Stage, Ottawa ON<\/span><\/p><p><span style=\"font-size: 13.399999618530273px; letter-spacing: 0.3px;\">October 16, 2021<br \/><em>Arras<\/em><br \/>Talea Ensemble<br \/><a href=\"http:\/\/taleaensemble.org\/concerts\/\">AMP in NYC: Talea performs U.S. Premieres<\/a><br \/>DiMenna Center for Classical Music, New York NY<\/span><\/p><p><span style=\"font-size: 13.399999618530273px; letter-spacing: 0.3px;\">October 14, 2021<br \/><em>Ebb<\/em><br \/>Hamilton Philharmonic Orchestra<br \/><a href=\"https:\/\/hpo.org\/21-22-haydn-mendelssohn\/\">Haydn &amp; Mendelssohn<\/a><br \/>The Cotton Factory, Hamilton ON<\/span><\/p><p><span style=\"font-size: 13.399999618530273px; letter-spacing: 0.3px;\">October 9, 2021<br \/><em>Ebb<\/em><br \/>Ensemble Ibis<br \/><a href=\"https:\/\/events.miami.edu\/event\/ensemble_ibis_6570\">Music from the Americas<\/a><br \/>UM Maurice Gusman Concert Hall, Miami FL<\/span><\/p><p>September 28, 2021<br \/><i>Dust<\/i><br \/>Quatuor Molinari<br \/><a href=\"https:\/\/levivier.ca\/fr\/concert\/saison-2021-22\/explosion-sonore\">Explosion sonore!<\/a><br \/>\u00c9difice Wilder, Montr\u00e9al QC<\/p><p><span style=\"font-family: Assistant; font-size: 13.399999618530273px; font-style: normal; font-variant-caps: normal;\">September 19, 2021<\/span><br \/><span style=\"font-variant-caps: normal; font-family: Assistant; font-size: 13.399999618530273px; font-style: italic;\">Dust<\/span><br \/><span style=\"font-family: Assistant; font-size: 13.399999618530273px; font-style: normal; font-variant-caps: normal;\">Quatuor Molinari<br \/><\/span><a href=\"https:\/\/fondationguidomolinari.org\/activites\/activites-passees\/tocomeevent-2-2\/\">Quatuor Molinari &#8211; <i>Concerts intimes<\/i><\/a><br \/><span style=\"font-family: Assistant; font-size: 13.399999618530273px; font-style: normal; font-variant-caps: normal;\">Fondation Guido Molinari, Montr\u00e9al QC<\/span><\/p><p><span style=\"font-family: Assistant; font-size: 13.399999618530273px; font-variant-caps: normal;\">May 26, 2021<br \/><i>Dust<\/i><br \/>Jasper String Quartet<br \/><a style=\"font-style: normal;\" href=\"https:\/\/www.pcmsconcerts.org\/concerts\/jasper-quartet-shafer\/\">Jasper Quartet w\/ Sarah Shafer, soprano<\/a><br \/>American Philosophical Society, Philadelphia PA<\/span><\/p><p><span style=\"font-family: Assistant; font-size: 13.399999618530273px; font-variant-caps: normal;\">April 10, 2021<br \/><i>Dust<\/i><br \/>Jasper String Quartet<br \/><a style=\"font-style: normal;\" href=\"https:\/\/access.si.edu\/?trumbaEmbed=view%3Devent%26eventid%3D150828035\">Jasper Quartet: Music for the Cherry Blossom Festival<\/a><br \/>Online event<\/span><\/p><p><span style=\"font-family: Assistant; font-size: 13.399999618530273px; font-variant-caps: normal; letter-spacing: 0.3px;\">February 12, 2021<br \/><\/span><span style=\"font-family: Assistant; font-size: 13.399999618530273px; font-variant-caps: normal; letter-spacing: 0.3px;\"><i>Dust<br \/><\/i><\/span><span style=\"font-family: Assistant; font-size: 13.399999618530273px; font-variant-caps: normal; letter-spacing: 0.3px;\">Quatuor Molinari<br \/><\/span><a style=\"font-family: Assistant; font-size: 13.399999618530273px; font-style: normal; font-variant-caps: normal; letter-spacing: 0.3px;\" href=\"https:\/\/quatuormolinari.qc.ca\/event\/femmes-daujourdhui\/\">Femmes d&#8217;aujourd&#8217;hui<\/a><br \/><span style=\"font-family: Assistant; font-size: 13.399999618530273px; font-variant-caps: normal; letter-spacing: 0.3px;\">Online event<\/span><\/p><p><span style=\"font-family: Assistant; font-size: 13.399999618530273px; font-variant-caps: normal; letter-spacing: 0.3px;\">October 22, 2020<br \/><i>Arras: <\/i>World premiere<br \/>Le Nouvel Ensemble Moderne<br \/><a href=\"https:\/\/azrielifoundation.org\/our-priorities\/music-arts\/amp\/azrieli-music-prizes-gala-concert\/\">2020 Azrieli Music Prizes Gala Concert<\/a><br \/>Online event<\/span><\/p><p><span style=\"font-family: Assistant; font-size: 13.399999618530273px; font-variant-caps: normal; letter-spacing: 0.3px;\">May 16, 2020 (event cancelled due to Covid-19)<br \/><i>La vingt-cinqui\u00e8me heure: <\/i>World premiere<br \/>Montreal Symphony Orchestra Chorus<br \/><a href=\"https:\/\/www.osm.ca\/fr\/concerts\/concert-du-choeur-de-losm-lexil-selon-brahms-stravinsky-et-britten\/\">Concert du ch\u0153ur de l&#8217;OSM: L&#8217;exil selon Brahms, Stravinsky et Britten<br \/><\/a>Maison symphonique, Montr\u00e9al QC<\/span><span style=\"font-family: Assistant; font-size: 13.399999618530273px; font-variant-caps: normal; letter-spacing: 0.3px;\"><br \/><\/span><\/p><p><span style=\"font-family: Assistant; font-size: 13.399999618530273px; font-variant-caps: normal; letter-spacing: 0.3px;\">April 17, 2020 (event cancelled due to Covid-19)<br \/><i>Ebb<\/i><br \/>Esprit Orchestra<br \/><a href=\"https:\/\/www.espritorchestra.com\/concert-tickets\/concert\/new-wave-festival-2020\/\">New Wave Festival 2020 | Tidal Waves<\/a><br \/>Koerner Hall, Toronto ON<\/span><\/p><p><span style=\"font-family: Assistant; font-size: 13.399999618530273px; font-variant-caps: normal; letter-spacing: 0.3px;\">March 24, 2020 (event cancelled due to Covid-19)<br \/><\/span><span style=\"font-size: 13.399999618530273px; letter-spacing: 0.3px;\"><i>f o r e s t f o r t h e t r e e s<br \/><\/i><\/span><span style=\"font-family: Assistant; font-size: 13.399999618530273px; font-variant-caps: normal; letter-spacing: 0.3px;\">Manitoba Chamber Orchestra<br \/><\/span><a style=\"font-family: Assistant; font-size: 13.399999618530273px; font-style: normal; font-variant-caps: normal; letter-spacing: 0.3px;\" href=\"https:\/\/www.themco.ca\/concert\/cluster-festival-collaboration\/\">Golden Thread: MCO\/Cluster Collaboration<\/a><br \/><span style=\"font-family: Assistant; font-size: 13.399999618530273px; font-variant-caps: normal; letter-spacing: 0.3px;\">Westminster United Church, Winnipeg MB<\/span><\/p><p><span style=\"font-family: Assistant; font-size: 13.399999618530273px; font-variant-caps: normal; letter-spacing: 0.3px;\">March 21, 22, and 24, 2020 (events cancelled due to Covid-19)<br \/><i>Kintsukuroi<\/i><br \/><\/span><span style=\"font-family: Assistant; font-size: 13.399999618530273px; font-variant-caps: normal; letter-spacing: 0.3px;\">Duo AIRS (David Therrien-Brongo, Louis-Philippe Bonin) &amp; Kimihiro Yasaka<br \/><a href=\"https:\/\/codesdacces.org\/evenement\/eau-douce-eau-trouble-2\/\">Codes d&#8217;acc\u00e8s | Eau douce &#8211; Eau trouble<\/a><br \/>Maison culturelle et communautaire de Montr\u00e9al-Nord, Montr\u00e9al, QC<br \/>Maison de la culture du Plateau-Mont-Royal, Montr\u00e9al, QC<br \/>Maison de la culture C\u00f4te-des-Neiges, Montr\u00e9al QC<\/span><\/p><p><span style=\"font-family: Assistant; font-size: 13.399999618530273px; font-variant-caps: normal; letter-spacing: 0.3px;\">March 4, 2020<br \/><\/span><i style=\"font-family: Assistant; font-size: 13.399999618530273px; font-variant-caps: normal; letter-spacing: 0.3px;\">Efflorescence:<\/i><span style=\"font-family: Assistant; font-size: 13.399999618530273px; font-variant-caps: normal; letter-spacing: 0.3px;\"> World premiere<br \/><\/span><span style=\"font-family: Assistant; font-size: 13.399999618530273px; font-variant-caps: normal; letter-spacing: 0.3px;\">Trio Fibonacci<br \/><\/span><a style=\"font-family: Assistant; font-size: 13.399999618530273px; font-variant-caps: normal; letter-spacing: 0.3px;\" href=\"https:\/\/www.mbam.qc.ca\/fr\/activites\/9048\/\">Les g\u00e9ants du minimalisme II<\/a><br \/><span style=\"font-family: Assistant; font-size: 13.399999618530273px; font-variant-caps: normal; letter-spacing: 0.3px;\">Salle Bourgie, Montr\u00e9al, QC<\/span><\/p><p><span style=\"font-family: Assistant; font-size: 13.399999618530273px; font-variant-caps: normal; letter-spacing: 0.3px;\">February 13, 2020<br \/><i>Salt:<\/i> North American premiere<br \/>Rolston String Quartet<br \/><a href=\"https:\/\/www.newmusicconcerts.com\/concert\/serious-smile\/\">New Music Concerts | Serious Smile<\/a><br \/>Harbourfront Theatre, Toronto ON<\/span><\/p><p><span style=\"font-family: Assistant; font-size: 13.399999618530273px; font-variant-caps: normal; letter-spacing: 0.3px;\">September 27, 2019<br \/><i>La cartographie des sons: <\/i>World premiere<br \/>Ensemble de la SMCQ<br \/><a href=\"http:\/\/smcq.qc.ca\/smcq\/fr\/evenement\/41673\/razzia\">Razzia(s)<\/a><br \/>Centre Pierre-P\u00e9ladeau, Salle Pierre-Mercure, Montr\u00e9al QC<\/span><\/p><p><span style=\"font-family: Assistant; font-size: 13.399999618530273px; font-variant-caps: normal; letter-spacing: 0.3px;\">September 14, 2019<br \/><i>Echoic Memories: <\/i>World premiere<br \/>music@villaromana &#8220;Pocket ensemble&#8221;<br \/><a href=\"https:\/\/musicatvillaromana.org\">music@villaromana | Echoic Memories<\/a><br \/>Villa Romana, Florence, Italy<\/span><\/p><p><span style=\"font-family: Assistant; font-size: 13.399999618530273px; font-variant-caps: normal; letter-spacing: 0.3px;\">July 26, 2019<br \/><i>Dust: <\/i>World premiere<br \/>Quartetto Prometeo<br \/><a href=\"https:\/\/www.chigiana.org\/venerdi-26-luglio-concerto-finale-della-classe-di-composizione-di-salvatore-sciarrinoil-barbiere-di-siviglia-al-teatro-dei-rinnovati\/\">Accademia musicale Chigiana | Concerto finale della classe di composizione di Salvatore Sciarrino<\/a><br \/>Palazzo Chigi Saracini, Siena, Italy<\/span><\/p><p><span style=\"font-family: Assistant; font-size: 13.399999618530273px; font-variant-caps: normal; letter-spacing: 0.3px;\">May 11, 2019<br \/><i>Les \u00e9tourneaux<\/i><br \/>Kamloops Symphony<br \/><a href=\"https:\/\/www.kamloopsbcnow.com\/events\/events\/Live_Music\/19\/05\/11\/36861\/Kamloops_Symphony_Presents_Carmina_Burana?date=1557558000\">Kamloops Symphony Presents: Carmina Burana<br \/><\/a>Sagebrush Theatre, Kamloops BC<\/span><\/p><p><span style=\"font-family: Assistant; font-size: 13.399999618530273px; font-variant-caps: normal; letter-spacing: 0.3px;\">December 8, 2018<br \/><i>\u00c0 perte de vue&#8230;<\/i> : World premiere<br \/>Orchestre de l&#8217;Universit\u00e9 de Montr\u00e9al<br \/><a href=\"http:\/\/smcq.qc.ca\/smcq\/en\/evenement\/40680\/cendrillon-a-berlin\">Cendrillon \u00e0 Berlin<\/a><br \/>Maison Symphonique, Montr\u00e9al QC<\/span><\/p><p><span style=\"font-family: Assistant; font-size: 13.399999618530273px; font-variant-caps: normal; letter-spacing: 0.3px;\">September 16, 2018<br \/><i>Tenebr\u00e6:<\/i> World premiere<br \/>musica assoluta soloists<br \/><a href=\"http:\/\/www.musica-assoluta.de\/kalender\/jupiter\/\">Mozart Prisma<\/a><br \/>Christuskirche, Hannover, Germany<\/span><\/p><p><span style=\"font-family: Assistant; font-size: 13.399999618530273px; font-variant-caps: normal; letter-spacing: 0.3px;\">July 22, 2018<br \/><i>Salt:<\/i> World premiere<br \/>Quartetto Prometeo<br \/>Accademia musicale Chigiana | Concerto delle allievi della classe di composizione di Salvatore Sciarrino<br \/>Palazzo Chigi Saracini, Siena, Italy<\/span><\/p><p><span style=\"letter-spacing: 0.3px;\">June 8, 2018<\/span><br \/><span style=\"letter-spacing: 0.3px;\"><i>Ebb:\u00a0<\/i><\/span>World premiere<br \/>Le Nouvel Ensemble Moderne<br \/><a href=\"https:\/\/www.facebook.com\/events\/bain-mathieu\/le-nem-et-la-rel\u00e8ve\/115306992531118\/\">Le NEM et la rel\u00e8ve<\/a><br \/>Bain Mathieu, Montr\u00e9al QC<\/p><p>May 11, 2018<br \/><i>Kintsukuroi:<\/i> World premiere<br \/><span style=\"font-family: Assistant; font-size: 13.399999618530273px; font-style: normal; font-variant-caps: normal;\">David Therrien-Brongo, Louis-Philippe Bonin, Kimihiro Yasaka<br \/><\/span><a href=\"https:\/\/accesasie.com\/evenement\/eaudouce-eautrouble-2018\/\">Festival Acc\u00e8s Asie | Eau douce &#8211; Eau trouble<\/a><br \/>Le Ges\u00f9, Montr\u00e9al QC<\/p><p>April 5, 2018<br \/><i>Ombra: <\/i>World premiere<br \/>Ensemble Arkea &amp; Elinor Frey<br \/><a href=\"https:\/\/www.ludwig-van.com\/montreal\/event\/chapelle-historique-pasteur-nord-i-cite\/\">NORD-I-CIT\u00c9<\/a><br \/><span style=\"font-size: 13.399999618530273px; letter-spacing: 0.3px;\">Chapelle Historique du Bon-Pasteur, Montr\u00e9al QC\u00a0<\/span><\/p><p style=\"font-variant-caps: normal; font-family: Assistant; font-size: 13.399998664855957px; font-style: normal;\">August 19, 2017<br \/><span style=\"font-size: 13.399998664855957px; font-style: italic;\">ere: <\/span>Arrangement for 11 strings<br \/>Forest String Ensemble<br \/><a href=\"https:\/\/www.arboretumfestival.com\/foreststring\/\">Arboretum Festival<\/a><br \/><span style=\"font-size: 13.399999618530273px; letter-spacing: 0.3px;\">Rideau Pines Farm, Ottawa ON\u00a0<\/span><\/p><p>July 22, 2017<br \/><i>let (in): <\/i>World premiere<br \/>Quartetto Prometeo &amp; Matteo Cesari<br \/><span style=\"font-family: Assistant; font-size: 13.399999618530273px; font-style: normal; font-variant-caps: normal;\">Accademia musicale Chigiana | Concerto delle allievi della classe di composizione di Salvatore Sciarrino<\/span><br \/><span style=\"font-family: Assistant; font-size: 13.399999618530273px; font-style: normal; font-variant-caps: normal;\">Palazzo Chigi Saracini, Siena, Italy<\/span><\/p><p>January 26, 2017<br \/><i>f o r e s t f o r t h e t r e e s :<\/i> World premiere<br \/>Ensemble Arkea<br \/><a href=\"https:\/\/www.facebook.com\/events\/1199774616805437\/\">Finale du concours Acc\u00e8s Arkea &#8211; 5e \u00e9dition<\/a><br \/>Chapelle Historique du Bon-Pasteur, Montr\u00e9al QC<\/p><p>January 22, 2017<br \/><i>s\u00e9pulcre<\/i><br \/><span style=\"font-size: 13.399999618530273px; letter-spacing: 0.3px;\">Gaspard Daigle, double bass and voice<br \/><a href=\"https:\/\/www.supermusique.qc.ca\/fr\/evenements\/37120\/Duo_Ida_Toninato_Jennifer_Thiessen_Journ\u00e9e_Portes_ouvertes\">Journ\u00e9e portes ouvertes au Vivier<\/a><br \/>Le Ges\u00f9, Montr\u00e9al QC<\/span><\/p><p><span style=\"font-size: 13.399999618530273px; letter-spacing: 0.3px;\">November 5, 2016<br \/><\/span><i style=\"font-size: 13.399999618530273px; letter-spacing: 0.3px;\">ere:<\/i><span style=\"font-size: 13.399999618530273px; letter-spacing: 0.3px;\"> World premiere<br \/><\/span><span style=\"font-size: 13.399999618530273px; letter-spacing: 0.3px;\">Students of the Institut sup\u00e9rieur des arts de Toulouse<br \/><\/span><a style=\"font-size: 13.399999618530273px; letter-spacing: 0.3px;\" href=\"https:\/\/docplayer.fr\/60644550-Automne-forum-bypass-concerts-en-tournee-label-eole-records.html\">Forum ByPass<\/a><br \/><span style=\"font-size: 13.399999618530273px; letter-spacing: 0.3px;\">Espace JOB, Toulouse, France<\/span><\/p><p>November 5, 2016<br \/><i>les \u00e9tourneaux: <\/i>World premiere<br \/>Orchestre de l&#8217;Universit\u00e9 de Montr\u00e9al<br \/>Salle Claude-Champagne, Montr\u00e9al QC<\/p><p>November 3, 2016<br \/><i>s\u00e9pulcre<\/i><br \/>Gaspard Daigle, double bass and voice<br \/><a href=\"https:\/\/ecm.qc.ca\/generation.php?page=gtournee&amp;lang=e\">ECM+ | Tourn\u00e9e G\u00e9n\u00e9ration 2016<\/a><br \/>Espace Hyp\u00e9rion, Qu\u00e9bec QC<\/p><p>August 12, 2016<br \/><i>redaction:<\/i> World premiere<br \/>Orford musique, Orford QC<\/p><p>August 6, 2016<br \/><i>s\u00e9pulcre:<\/i> World premiere<br \/>Gaspard Daigle, double bass and voice<br \/>Orford musique, Orford QC<\/p><p>June 3, 2016<br \/><i>falling&#8217;s just like flying:<\/i> World premiere<br \/>Conservatoire de musique, Montr\u00e9al QC<\/p><p>May 11, 2015<br \/><i>conversation I : reconciliation:<\/i> World premiere<br \/>Ensemble Wapiti<br \/>La Sala Rossa, Montr\u00e9al QC<\/p>\t\t\t\t\t\t\t\t<\/div>\n\t\t\t\t<\/div>\n\t\t\t\t\t<\/div>\n\t\t<\/div>\n\t\t\t\t\t<\/div>\n\t\t<\/section>\n\t\t\t\t<\/div>\n\t\t","protected":false},"excerpt":{"rendered":"<p>upcoming events July 1, 2024, 2:30 pmListening underwaterNAC OrchestraCanada Day Concert 2024National Arts Centre, Southam Hall, Ottawa ON September 10 &amp; 11, 2024, 8 pmListening underwaterNAC OrchestraUAQUENational Arts Centre, Southam Hall, Ottawa ON October 3, 2024, 7:30 pmArrasEnsemble de la SMCQHorloge, tais-toi! \u2013 Hommage \u00e0 Kaija SaariahoCentre Pierre-P\u00e9ladeau, Salle Pierre-Mercure, Montr\u00e9al QC January 20, 2025, [&hellip;]<\/p>\n","protected":false},"author":1,"featured_media":0,"parent":0,"menu_order":0,"comment_status":"closed","ping_status":"closed","template":"","meta":{"nf_dc_page":"","_monsterinsights_skip_tracking":false,"_monsterinsights_sitenote_active":false,"_monsterinsights_sitenote_note":"","_monsterinsights_sitenote_category":0,"ocean_post_layout":"","ocean_both_sidebars_style":"","ocean_both_sidebars_content_width":0,"ocean_both_sidebars_sidebars_width":0,"ocean_sidebar":"0","ocean_second_sidebar":"0","ocean_disable_margins":"enable","ocean_add_body_class":"","ocean_shortcode_before_top_bar":"","ocean_shortcode_after_top_bar":"","ocean_shortcode_before_header":"","ocean_shortcode_after_header":"","ocean_has_shortcode":"","ocean_shortcode_after_title":"","ocean_shortcode_before_footer_widgets":"","ocean_shortcode_after_footer_widgets":"","ocean_shortcode_before_footer_bottom":"","ocean_shortcode_after_footer_bottom":"","ocean_display_top_bar":"default","ocean_display_header":"default","ocean_header_style":"","ocean_center_header_left_menu":"0","ocean_custom_header_template":"0","ocean_custom_logo":0,"ocean_custom_retina_logo":0,"ocean_custom_logo_max_width":0,"ocean_custom_logo_tablet_max_width":0,"ocean_custom_logo_mobile_max_width":0,"ocean_custom_logo_max_height":0,"ocean_custom_logo_tablet_max_height":0,"ocean_custom_logo_mobile_max_height":0,"ocean_header_custom_menu":"0","ocean_menu_typo_font_family":"0","ocean_menu_typo_font_subset":"","ocean_menu_typo_font_size":0,"ocean_menu_typo_font_size_tablet":0,"ocean_menu_typo_font_size_mobile":0,"ocean_menu_typo_font_size_unit":"px","ocean_menu_typo_font_weight":"","ocean_menu_typo_font_weight_tablet":"","ocean_menu_typo_font_weight_mobile":"","ocean_menu_typo_transform":"","ocean_menu_typo_transform_tablet":"","ocean_menu_typo_transform_mobile":"","ocean_menu_typo_line_height":0,"ocean_menu_typo_line_height_tablet":0,"ocean_menu_typo_line_height_mobile":0,"ocean_menu_typo_line_height_unit":"","ocean_menu_typo_spacing":0,"ocean_menu_typo_spacing_tablet":0,"ocean_menu_typo_spacing_mobile":0,"ocean_menu_typo_spacing_unit":"","ocean_menu_link_color":"","ocean_menu_link_color_hover":"","ocean_menu_link_color_active":"","ocean_menu_link_background":"","ocean_menu_link_hover_background":"","ocean_menu_link_active_background":"","ocean_menu_social_links_bg":"","ocean_menu_social_hover_links_bg":"","ocean_menu_social_links_color":"","ocean_menu_social_hover_links_color":"","ocean_disable_title":"default","ocean_disable_heading":"default","ocean_post_title":"","ocean_post_subheading":"","ocean_post_title_style":"","ocean_post_title_background_color":"","ocean_post_title_background":0,"ocean_post_title_bg_image_position":"","ocean_post_title_bg_image_attachment":"","ocean_post_title_bg_image_repeat":"","ocean_post_title_bg_image_size":"","ocean_post_title_height":0,"ocean_post_title_bg_overlay":0.5,"ocean_post_title_bg_overlay_color":"","ocean_disable_breadcrumbs":"default","ocean_breadcrumbs_color":"","ocean_breadcrumbs_separator_color":"","ocean_breadcrumbs_links_color":"","ocean_breadcrumbs_links_hover_color":"","ocean_display_footer_widgets":"default","ocean_display_footer_bottom":"default","ocean_custom_footer_template":"0","footnotes":""},"class_list":["post-1014","page","type-page","status-publish","hentry","entry"],"yoast_head":"<!-- This site is optimized with the Yoast SEO plugin v27.5 - https:\/\/yoast.com\/product\/yoast-seo-wordpress\/ -->\n<title>Events - Keiko Devaux<\/title>\n<meta name=\"description\" content=\"performances of works by Keiko Devaux\" \/>\n<meta name=\"robots\" content=\"index, follow, max-snippet:-1, max-image-preview:large, max-video-preview:-1\" \/>\n<link rel=\"canonical\" href=\"https:\/\/keikodevaux.com\/fr\/events2\/\" \/>\n<meta property=\"og:locale\" content=\"fr_CA\" \/>\n<meta property=\"og:type\" content=\"article\" \/>\n<meta property=\"og:title\" content=\"Events - Keiko Devaux\" \/>\n<meta property=\"og:description\" content=\"performances of works by Keiko Devaux\" \/>\n<meta property=\"og:url\" content=\"https:\/\/keikodevaux.com\/fr\/events2\/\" \/>\n<meta property=\"og:site_name\" content=\"Keiko Devaux\" \/>\n<meta property=\"article:modified_time\" content=\"2024-06-29T18:16:13+00:00\" \/>\n<meta property=\"og:image\" content=\"https:\/\/ml9blhmhpvwh.i.optimole.com\/w:auto\/h:auto\/q:mauto\/f:best\/ig:avif\/https:\/\/i0.wp.com\/keikodevaux.com\/wp-content\/uploads\/2019\/07\/66356659_2319771614768014_255011067564916736_n.jpg?fit=4032%2C3024&ssl=1\" \/>\n\t<meta property=\"og:image:width\" content=\"4032\" \/>\n\t<meta property=\"og:image:height\" content=\"3024\" \/>\n\t<meta property=\"og:image:type\" content=\"image\/jpeg\" \/>\n<meta name=\"twitter:card\" content=\"summary_large_image\" \/>\n<meta name=\"twitter:label1\" content=\"Estimation du temps de lecture\" \/>\n\t<meta name=\"twitter:data1\" content=\"7 minutes\" \/>\n<script type=\"application\/ld+json\" class=\"yoast-schema-graph\">{\"@context\":\"https:\\\/\\\/schema.org\",\"@graph\":[{\"@type\":\"WebPage\",\"@id\":\"https:\\\/\\\/keikodevaux.com\\\/events2\\\/\",\"url\":\"https:\\\/\\\/keikodevaux.com\\\/events2\\\/\",\"name\":\"Events - Keiko Devaux\",\"isPartOf\":{\"@id\":\"https:\\\/\\\/keikodevaux.com\\\/#website\"},\"datePublished\":\"2022-03-04T04:45:42+00:00\",\"dateModified\":\"2024-06-29T18:16:13+00:00\",\"description\":\"performances of works by Keiko Devaux\",\"breadcrumb\":{\"@id\":\"https:\\\/\\\/keikodevaux.com\\\/events2\\\/#breadcrumb\"},\"inLanguage\":\"fr-CA\",\"potentialAction\":[{\"@type\":\"ReadAction\",\"target\":[\"https:\\\/\\\/keikodevaux.com\\\/events2\\\/\"]}]},{\"@type\":\"BreadcrumbList\",\"@id\":\"https:\\\/\\\/keikodevaux.com\\\/events2\\\/#breadcrumb\",\"itemListElement\":[{\"@type\":\"ListItem\",\"position\":1,\"name\":\"Home\",\"item\":\"https:\\\/\\\/keikodevaux.com\\\/\"},{\"@type\":\"ListItem\",\"position\":2,\"name\":\"Events\"}]},{\"@type\":\"WebSite\",\"@id\":\"https:\\\/\\\/keikodevaux.com\\\/#website\",\"url\":\"https:\\\/\\\/keikodevaux.com\\\/\",\"name\":\"Keiko Devaux\",\"description\":\"Contemporary music composer based in Montr\u00e9al.\",\"publisher\":{\"@id\":\"https:\\\/\\\/keikodevaux.com\\\/#\\\/schema\\\/person\\\/5c8eb94e9df752a68e3000ee3d4213f4\"},\"potentialAction\":[{\"@type\":\"SearchAction\",\"target\":{\"@type\":\"EntryPoint\",\"urlTemplate\":\"https:\\\/\\\/keikodevaux.com\\\/?s={search_term_string}\"},\"query-input\":{\"@type\":\"PropertyValueSpecification\",\"valueRequired\":true,\"valueName\":\"search_term_string\"}}],\"inLanguage\":\"fr-CA\"},{\"@type\":[\"Person\",\"Organization\"],\"@id\":\"https:\\\/\\\/keikodevaux.com\\\/#\\\/schema\\\/person\\\/5c8eb94e9df752a68e3000ee3d4213f4\",\"name\":\"keiko.devaux\",\"image\":{\"@type\":\"ImageObject\",\"inLanguage\":\"fr-CA\",\"@id\":\"https:\\\/\\\/secure.gravatar.com\\\/avatar\\\/eed31af24b8024d0cefb69c2b5ce8a39ee94464221bd03f6f0dfb4ec2a972610?s=96&d=mm&r=g\",\"url\":\"https:\\\/\\\/secure.gravatar.com\\\/avatar\\\/eed31af24b8024d0cefb69c2b5ce8a39ee94464221bd03f6f0dfb4ec2a972610?s=96&d=mm&r=g\",\"contentUrl\":\"https:\\\/\\\/secure.gravatar.com\\\/avatar\\\/eed31af24b8024d0cefb69c2b5ce8a39ee94464221bd03f6f0dfb4ec2a972610?s=96&d=mm&r=g\",\"caption\":\"keiko.devaux\"},\"logo\":{\"@id\":\"https:\\\/\\\/secure.gravatar.com\\\/avatar\\\/eed31af24b8024d0cefb69c2b5ce8a39ee94464221bd03f6f0dfb4ec2a972610?s=96&d=mm&r=g\"}}]}<\/script>\n<!-- \/ Yoast SEO plugin. -->","yoast_head_json":{"title":"Events - Keiko Devaux","description":"performances of works by Keiko Devaux","robots":{"index":"index","follow":"follow","max-snippet":"max-snippet:-1","max-image-preview":"max-image-preview:large","max-video-preview":"max-video-preview:-1"},"canonical":"https:\/\/keikodevaux.com\/fr\/events2\/","og_locale":"fr_CA","og_type":"article","og_title":"Events - Keiko Devaux","og_description":"performances of works by Keiko Devaux","og_url":"https:\/\/keikodevaux.com\/fr\/events2\/","og_site_name":"Keiko Devaux","article_modified_time":"2024-06-29T18:16:13+00:00","og_image":[{"width":4032,"height":3024,"url":"https:\/\/ml9blhmhpvwh.i.optimole.com\/w:auto\/h:auto\/q:mauto\/f:best\/ig:avif\/https:\/\/i0.wp.com\/keikodevaux.com\/wp-content\/uploads\/2019\/07\/66356659_2319771614768014_255011067564916736_n.jpg?fit=4032%2C3024&ssl=1","type":"image\/jpeg"}],"twitter_card":"summary_large_image","twitter_misc":{"Estimation du temps de lecture":"7 minutes"},"schema":{"@context":"https:\/\/schema.org","@graph":[{"@type":"WebPage","@id":"https:\/\/keikodevaux.com\/events2\/","url":"https:\/\/keikodevaux.com\/events2\/","name":"Events - Keiko Devaux","isPartOf":{"@id":"https:\/\/keikodevaux.com\/#website"},"datePublished":"2022-03-04T04:45:42+00:00","dateModified":"2024-06-29T18:16:13+00:00","description":"performances of works by Keiko Devaux","breadcrumb":{"@id":"https:\/\/keikodevaux.com\/events2\/#breadcrumb"},"inLanguage":"fr-CA","potentialAction":[{"@type":"ReadAction","target":["https:\/\/keikodevaux.com\/events2\/"]}]},{"@type":"BreadcrumbList","@id":"https:\/\/keikodevaux.com\/events2\/#breadcrumb","itemListElement":[{"@type":"ListItem","position":1,"name":"Home","item":"https:\/\/keikodevaux.com\/"},{"@type":"ListItem","position":2,"name":"Events"}]},{"@type":"WebSite","@id":"https:\/\/keikodevaux.com\/#website","url":"https:\/\/keikodevaux.com\/","name":"Keiko Devaux","description":"Contemporary music composer based in Montr\u00e9al.","publisher":{"@id":"https:\/\/keikodevaux.com\/#\/schema\/person\/5c8eb94e9df752a68e3000ee3d4213f4"},"potentialAction":[{"@type":"SearchAction","target":{"@type":"EntryPoint","urlTemplate":"https:\/\/keikodevaux.com\/?s={search_term_string}"},"query-input":{"@type":"PropertyValueSpecification","valueRequired":true,"valueName":"search_term_string"}}],"inLanguage":"fr-CA"},{"@type":["Person","Organization"],"@id":"https:\/\/keikodevaux.com\/#\/schema\/person\/5c8eb94e9df752a68e3000ee3d4213f4","name":"keiko.devaux","image":{"@type":"ImageObject","inLanguage":"fr-CA","@id":"https:\/\/secure.gravatar.com\/avatar\/eed31af24b8024d0cefb69c2b5ce8a39ee94464221bd03f6f0dfb4ec2a972610?s=96&d=mm&r=g","url":"https:\/\/secure.gravatar.com\/avatar\/eed31af24b8024d0cefb69c2b5ce8a39ee94464221bd03f6f0dfb4ec2a972610?s=96&d=mm&r=g","contentUrl":"https:\/\/secure.gravatar.com\/avatar\/eed31af24b8024d0cefb69c2b5ce8a39ee94464221bd03f6f0dfb4ec2a972610?s=96&d=mm&r=g","caption":"keiko.devaux"},"logo":{"@id":"https:\/\/secure.gravatar.com\/avatar\/eed31af24b8024d0cefb69c2b5ce8a39ee94464221bd03f6f0dfb4ec2a972610?s=96&d=mm&r=g"}}]}},"jetpack_sharing_enabled":true,"_links":{"self":[{"href":"https:\/\/keikodevaux.com\/fr\/wp-json\/wp\/v2\/pages\/1014","targetHints":{"allow":["GET"]}}],"collection":[{"href":"https:\/\/keikodevaux.com\/fr\/wp-json\/wp\/v2\/pages"}],"about":[{"href":"https:\/\/keikodevaux.com\/fr\/wp-json\/wp\/v2\/types\/page"}],"author":[{"embeddable":true,"href":"https:\/\/keikodevaux.com\/fr\/wp-json\/wp\/v2\/users\/1"}],"replies":[{"embeddable":true,"href":"https:\/\/keikodevaux.com\/fr\/wp-json\/wp\/v2\/comments?post=1014"}],"version-history":[{"count":5,"href":"https:\/\/keikodevaux.com\/fr\/wp-json\/wp\/v2\/pages\/1014\/revisions"}],"predecessor-version":[{"id":2191,"href":"https:\/\/keikodevaux.com\/fr\/wp-json\/wp\/v2\/pages\/1014\/revisions\/2191"}],"wp:attachment":[{"href":"https:\/\/keikodevaux.com\/fr\/wp-json\/wp\/v2\/media?parent=1014"}],"curies":[{"name":"wp","href":"https:\/\/api.w.org\/{rel}","templated":true}]}}